{"id":98,"date":"2024-04-30T08:53:37","date_gmt":"2024-04-30T06:53:37","guid":{"rendered":"https:\/\/fbkoblenz.de\/?page_id=98"},"modified":"2025-03-28T12:31:26","modified_gmt":"2025-03-28T11:31:26","slug":"sponsoren","status":"publish","type":"page","link":"https:\/\/fbkoblenz.de\/tr\/sponsoren\/","title":{"rendered":"Sponsoren"},"content":{"rendered":"<div data-elementor-type=\"wp-page\" data-elementor-id=\"98\" class=\"elementor elementor-98\" data-elementor-post-type=\"page\">\n\t\t\t\t<div class=\"elementor-element elementor-element-3a670b69 e-con-full e-flex e-con e-parent\" data-id=\"3a670b69\" data-element_type=\"container\" data-e-type=\"container\" data-settings=\"{&quot;background_background&quot;:&quot;classic&quot;}\">\n\t\t\t\t<div class=\"elementor-element elementor-element-a80eafa elementor-widget elementor-widget-heading\" data-id=\"a80eafa\" data-element_type=\"widget\" data-e-type=\"widget\" data-widget_type=\"heading.default\">\n\t\t\t\t<div class=\"elementor-widget-container\">\n\t\t\t\t\t<h2 class=\"elementor-heading-title elementor-size-default\">Sponsoren<\/h2>\t\t\t\t<\/div>\n\t\t\t\t<\/div>\n\t\t\t\t<\/div>\n\t\t<div class=\"elementor-element elementor-element-cc7ad55 e-flex e-con-boxed e-con e-parent\" data-id=\"cc7ad55\" data-element_type=\"container\" data-e-type=\"container\" data-settings=\"{&quot;background_background&quot;:&quot;classic&quot;}\">\n\t\t\t\t\t<div class=\"e-con-inner\">\n\t\t\t\t<div class=\"elementor-element elementor-element-7a977a1 elementor-widget elementor-widget-spacer\" data-id=\"7a977a1\" data-element_type=\"widget\" data-e-type=\"widget\" data-widget_type=\"spacer.default\">\n\t\t\t\t<div class=\"elementor-widget-container\">\n\t\t\t\t\t\t\t<div class=\"elementor-spacer\">\n\t\t\t<div class=\"elementor-spacer-inner\"><\/div>\n\t\t<\/div>\n\t\t\t\t\t\t<\/div>\n\t\t\t\t<\/div>\n\t\t\t\t\t<\/div>\n\t\t\t\t<\/div>\n\t\t<div class=\"elementor-element elementor-element-30a1192 e-flex e-con-boxed e-con e-parent\" data-id=\"30a1192\" data-element_type=\"container\" data-e-type=\"container\" data-settings=\"{&quot;background_background&quot;:&quot;classic&quot;}\">\n\t\t\t\t\t<div class=\"e-con-inner\">\n\t\t<div class=\"elementor-element elementor-element-29792ee e-con-full e-flex e-con e-child\" data-id=\"29792ee\" data-element_type=\"container\" data-e-type=\"container\">\n\t\t\t\t<div class=\"elementor-element elementor-element-a41507b elementor-widget elementor-widget-image\" data-id=\"a41507b\" data-element_type=\"widget\" data-e-type=\"widget\" data-widget_type=\"image.default\">\n\t\t\t\t<div class=\"elementor-widget-container\">\n\t\t\t\t\t\t\t\t\t\t\t\t\t\t\t<img fetchpriority=\"high\" decoding=\"async\" width=\"499\" height=\"500\" src=\"https:\/\/fbkoblenz.de\/wp-content\/uploads\/2024\/03\/Favicon-webp.webp\" class=\"attachment-large size-large wp-image-29\" alt=\"Favicon webp\" srcset=\"https:\/\/fbkoblenz.de\/wp-content\/uploads\/2024\/03\/Favicon-webp.webp 499w, https:\/\/fbkoblenz.de\/wp-content\/uploads\/2024\/03\/Favicon-webp-300x300.webp 300w, https:\/\/fbkoblenz.de\/wp-content\/uploads\/2024\/03\/Favicon-webp-150x150.webp 150w\" sizes=\"(max-width: 499px) 100vw, 499px\" \/>\t\t\t\t\t\t\t\t\t\t\t\t\t\t\t<\/div>\n\t\t\t\t<\/div>\n\t\t\t\t<\/div>\n\t\t<div class=\"elementor-element elementor-element-53bf0e9 e-con-full e-flex e-con e-child\" data-id=\"53bf0e9\" data-element_type=\"container\" data-e-type=\"container\">\n\t\t\t\t<div class=\"elementor-element elementor-element-7585f90 elementor-widget elementor-widget-heading\" data-id=\"7585f90\" data-element_type=\"widget\" data-e-type=\"widget\" data-widget_type=\"heading.default\">\n\t\t\t\t<div class=\"elementor-widget-container\">\n\t\t\t\t\t<h2 class=\"elementor-heading-title elementor-size-default\">M\u00f6chten Sie unser Sponsor werden?<\/h2>\t\t\t\t<\/div>\n\t\t\t\t<\/div>\n\t\t\t\t<div class=\"elementor-element elementor-element-55a26af elementor-align-center elementor-tablet-align-center elementor-icon-list--layout-traditional elementor-list-item-link-full_width elementor-widget elementor-widget-icon-list\" data-id=\"55a26af\" data-element_type=\"widget\" data-e-type=\"widget\" data-widget_type=\"icon-list.default\">\n\t\t\t\t<div class=\"elementor-widget-container\">\n\t\t\t\t\t\t\t<ul class=\"elementor-icon-list-items\">\n\t\t\t\t\t\t\t<li class=\"elementor-icon-list-item\">\n\t\t\t\t\t\t\t\t\t\t\t<a href=\"tel:015152001907\">\n\n\t\t\t\t\t\t\t\t\t\t\t\t<span class=\"elementor-icon-list-icon\">\n\t\t\t\t\t\t\t<svg aria-hidden=\"true\" class=\"e-font-icon-svg e-fas-phone-alt\" viewbox=\"0 0 512 512\" xmlns=\"http:\/\/www.w3.org\/2000\/svg\"><path d=\"M497.39 361.8l-112-48a24 24 0 0 0-28 6.9l-49.6 60.6A370.66 370.66 0 0 1 130.6 204.11l60.6-49.6a23.94 23.94 0 0 0 6.9-28l-48-112A24.16 24.16 0 0 0 122.6.61l-104 24A24 24 0 0 0 0 48c0 256.5 207.9 464 464 464a24 24 0 0 0 23.4-18.6l24-104a24.29 24.29 0 0 0-14.01-27.6z\"><\/path><\/svg>\t\t\t\t\t\t<\/span>\n\t\t\t\t\t\t\t\t\t\t<span class=\"elementor-icon-list-text\">0151-52001907<\/span>\n\t\t\t\t\t\t\t\t\t\t\t<\/a>\n\t\t\t\t\t\t\t\t\t<\/li>\n\t\t\t\t\t\t\t\t<li class=\"elementor-icon-list-item\">\n\t\t\t\t\t\t\t\t\t\t\t<a href=\"mailto:koblenz.fenerbahce@web.de\">\n\n\t\t\t\t\t\t\t\t\t\t\t\t<span class=\"elementor-icon-list-icon\">\n\t\t\t\t\t\t\t<svg aria-hidden=\"true\" class=\"e-font-icon-svg e-far-envelope\" viewbox=\"0 0 512 512\" xmlns=\"http:\/\/www.w3.org\/2000\/svg\"><path d=\"M464 64H48C21.49 64 0 85.49 0 112v288c0 26.51 21.49 48 48 48h416c26.51 0 48-21.49 48-48V112c0-26.51-21.49-48-48-48zm0 48v40.805c-22.422 18.259-58.168 46.651-134.587 106.49-16.841 13.247-50.201 45.072-73.413 44.701-23.208.375-56.579-31.459-73.413-44.701C106.18 199.465 70.425 171.067 48 152.805V112h416zM48 400V214.398c22.914 18.251 55.409 43.862 104.938 82.646 21.857 17.205 60.134 55.186 103.062 54.955 42.717.231 80.509-37.199 103.053-54.947 49.528-38.783 82.032-64.401 104.947-82.653V400H48z\"><\/path><\/svg>\t\t\t\t\t\t<\/span>\n\t\t\t\t\t\t\t\t\t\t<span class=\"elementor-icon-list-text\">koblenz.fenerbahce@web.de<\/span>\n\t\t\t\t\t\t\t\t\t\t\t<\/a>\n\t\t\t\t\t\t\t\t\t<\/li>\n\t\t\t\t\t\t<\/ul>\n\t\t\t\t\t\t<\/div>\n\t\t\t\t<\/div>\n\t\t\t\t<\/div>\n\t\t<div class=\"elementor-element elementor-element-7ebda60 e-con-full elementor-hidden-mobile e-flex e-con e-child\" data-id=\"7ebda60\" data-element_type=\"container\" data-e-type=\"container\">\n\t\t\t\t<div class=\"elementor-element elementor-element-cca227e elementor-widget elementor-widget-image\" data-id=\"cca227e\" data-element_type=\"widget\" data-e-type=\"widget\" data-widget_type=\"image.default\">\n\t\t\t\t<div class=\"elementor-widget-container\">\n\t\t\t\t\t\t\t\t\t\t\t\t\t\t\t<img fetchpriority=\"high\" decoding=\"async\" width=\"499\" height=\"500\" src=\"https:\/\/fbkoblenz.de\/wp-content\/uploads\/2024\/03\/Favicon-webp.webp\" class=\"attachment-large size-large wp-image-29\" alt=\"Favicon webp\" srcset=\"https:\/\/fbkoblenz.de\/wp-content\/uploads\/2024\/03\/Favicon-webp.webp 499w, https:\/\/fbkoblenz.de\/wp-content\/uploads\/2024\/03\/Favicon-webp-300x300.webp 300w, https:\/\/fbkoblenz.de\/wp-content\/uploads\/2024\/03\/Favicon-webp-150x150.webp 150w\" sizes=\"(max-width: 499px) 100vw, 499px\" \/>\t\t\t\t\t\t\t\t\t\t\t\t\t\t\t<\/div>\n\t\t\t\t<\/div>\n\t\t\t\t<\/div>\n\t\t\t\t\t<\/div>\n\t\t\t\t<\/div>\n\t\t<div class=\"elementor-element elementor-element-0dbbb36 e-flex e-con-boxed e-con e-parent\" data-id=\"0dbbb36\" data-element_type=\"container\" data-e-type=\"container\" data-settings=\"{&quot;background_background&quot;:&quot;classic&quot;}\">\n\t\t\t\t\t<div class=\"e-con-inner\">\n\t\t\t\t<div class=\"elementor-element elementor-element-ec335be elementor-widget elementor-widget-text-editor\" data-id=\"ec335be\" data-element_type=\"widget\" data-e-type=\"widget\" data-widget_type=\"text-editor.default\">\n\t\t\t\t<div class=\"elementor-widget-container\">\n\t\t\t\t\t\t\t\t\t<p>Wir danken unseren Sponsoren f\u00fcr ihre Unterst\u00fctzung! Hier sind unsere aktuellen Sponsoren:<\/p>\t\t\t\t\t\t\t\t<\/div>\n\t\t\t\t<\/div>\n\t\t\t\t\t<\/div>\n\t\t\t\t<\/div>\n\t\t<div class=\"elementor-element elementor-element-d930ac1 e-con-full e-flex e-con e-parent\" data-id=\"d930ac1\" data-element_type=\"container\" data-e-type=\"container\">\n\t\t<div class=\"elementor-element elementor-element-1b7eee6 e-con-full e-flex e-con e-child\" data-id=\"1b7eee6\" data-element_type=\"container\" data-e-type=\"container\">\n\t\t\t\t<div class=\"elementor-element elementor-element-afaf3b8 elementor-widget elementor-widget-image\" data-id=\"afaf3b8\" data-element_type=\"widget\" data-e-type=\"widget\" data-widget_type=\"image.default\">\n\t\t\t\t<div class=\"elementor-widget-container\">\n\t\t\t\t\t\t\t\t\t\t\t\t\t\t\t\t<a href=\"https:\/\/www.xn--yamandner-57a.de\/\" target=\"_blank\">\n\t\t\t\t\t\t\t<img decoding=\"async\" width=\"800\" height=\"450\" src=\"https:\/\/fbkoblenz.de\/wp-content\/uploads\/2025\/02\/yaman-Doener-final-1024x576.webp\" class=\"attachment-large size-large wp-image-287\" alt=\"yaman D\u00f6ner final\" srcset=\"https:\/\/fbkoblenz.de\/wp-content\/uploads\/2025\/02\/yaman-Doener-final-1024x576.webp 1024w, https:\/\/fbkoblenz.de\/wp-content\/uploads\/2025\/02\/yaman-Doener-final-300x169.webp 300w, https:\/\/fbkoblenz.de\/wp-content\/uploads\/2025\/02\/yaman-Doener-final-768x432.webp 768w, https:\/\/fbkoblenz.de\/wp-content\/uploads\/2025\/02\/yaman-Doener-final.webp 1200w\" sizes=\"(max-width: 800px) 100vw, 800px\" \/>\t\t\t\t\t\t\t\t<\/a>\n\t\t\t\t\t\t\t\t\t\t\t\t\t\t\t<\/div>\n\t\t\t\t<\/div>\n\t\t\t\t<div class=\"elementor-element elementor-element-5d84204 elementor-widget elementor-widget-image\" data-id=\"5d84204\" data-element_type=\"widget\" data-e-type=\"widget\" data-widget_type=\"image.default\">\n\t\t\t\t<div class=\"elementor-widget-container\">\n\t\t\t\t\t\t\t\t\t\t\t\t\t\t\t\t<a href=\"https:\/\/www.instagram.com\/_yunus_et\/\" target=\"_blank\">\n\t\t\t\t\t\t\t<img decoding=\"async\" width=\"800\" height=\"450\" src=\"https:\/\/fbkoblenz.de\/wp-content\/uploads\/2025\/02\/Yunus-Et-Metzgerei-final-1024x576.webp\" class=\"attachment-large size-large wp-image-289\" alt=\"Yunus Et Metzgerei final\" srcset=\"https:\/\/fbkoblenz.de\/wp-content\/uploads\/2025\/02\/Yunus-Et-Metzgerei-final-1024x576.webp 1024w, https:\/\/fbkoblenz.de\/wp-content\/uploads\/2025\/02\/Yunus-Et-Metzgerei-final-300x169.webp 300w, https:\/\/fbkoblenz.de\/wp-content\/uploads\/2025\/02\/Yunus-Et-Metzgerei-final-768x432.webp 768w, https:\/\/fbkoblenz.de\/wp-content\/uploads\/2025\/02\/Yunus-Et-Metzgerei-final.webp 1200w\" sizes=\"(max-width: 800px) 100vw, 800px\" \/>\t\t\t\t\t\t\t\t<\/a>\n\t\t\t\t\t\t\t\t\t\t\t\t\t\t\t<\/div>\n\t\t\t\t<\/div>\n\t\t\t\t<div class=\"elementor-element elementor-element-e76e6db elementor-widget elementor-widget-image\" data-id=\"e76e6db\" data-element_type=\"widget\" data-e-type=\"widget\" data-widget_type=\"image.default\">\n\t\t\t\t<div class=\"elementor-widget-container\">\n\t\t\t\t\t\t\t\t\t\t\t\t\t\t\t<img loading=\"lazy\" decoding=\"async\" width=\"800\" height=\"450\" src=\"https:\/\/fbkoblenz.de\/wp-content\/uploads\/2025\/02\/KFZ-Deller-final-1024x576.webp\" class=\"attachment-large size-large wp-image-282\" alt=\"KFZ Deller final\" srcset=\"https:\/\/fbkoblenz.de\/wp-content\/uploads\/2025\/02\/KFZ-Deller-final-1024x576.webp 1024w, https:\/\/fbkoblenz.de\/wp-content\/uploads\/2025\/02\/KFZ-Deller-final-300x169.webp 300w, https:\/\/fbkoblenz.de\/wp-content\/uploads\/2025\/02\/KFZ-Deller-final-768x432.webp 768w, https:\/\/fbkoblenz.de\/wp-content\/uploads\/2025\/02\/KFZ-Deller-final.webp 1200w\" sizes=\"(max-width: 800px) 100vw, 800px\" \/>\t\t\t\t\t\t\t\t\t\t\t\t\t\t\t<\/div>\n\t\t\t\t<\/div>\n\t\t\t\t<div class=\"elementor-element elementor-element-110abd1 elementor-widget elementor-widget-image\" data-id=\"110abd1\" data-element_type=\"widget\" data-e-type=\"widget\" data-widget_type=\"image.default\">\n\t\t\t\t<div class=\"elementor-widget-container\">\n\t\t\t\t\t\t\t\t\t\t\t\t\t\t\t<img loading=\"lazy\" decoding=\"async\" width=\"800\" height=\"450\" src=\"https:\/\/fbkoblenz.de\/wp-content\/uploads\/2025\/02\/Haarstudio-Sahan-final-1024x576.webp\" class=\"attachment-large size-large wp-image-279\" alt=\"Haarstudio Sahan final\" srcset=\"https:\/\/fbkoblenz.de\/wp-content\/uploads\/2025\/02\/Haarstudio-Sahan-final-1024x576.webp 1024w, https:\/\/fbkoblenz.de\/wp-content\/uploads\/2025\/02\/Haarstudio-Sahan-final-300x169.webp 300w, https:\/\/fbkoblenz.de\/wp-content\/uploads\/2025\/02\/Haarstudio-Sahan-final-768x432.webp 768w, https:\/\/fbkoblenz.de\/wp-content\/uploads\/2025\/02\/Haarstudio-Sahan-final.webp 1200w\" sizes=\"(max-width: 800px) 100vw, 800px\" \/>\t\t\t\t\t\t\t\t\t\t\t\t\t\t\t<\/div>\n\t\t\t\t<\/div>\n\t\t\t\t<div class=\"elementor-element elementor-element-4e9c743 elementor-widget elementor-widget-image\" data-id=\"4e9c743\" data-element_type=\"widget\" data-e-type=\"widget\" data-widget_type=\"image.default\">\n\t\t\t\t<div class=\"elementor-widget-container\">\n\t\t\t\t\t\t\t\t\t\t\t\t\t\t\t\t<a href=\"https:\/\/www.autoglas-bendorf.de\/\" target=\"_blank\">\n\t\t\t\t\t\t\t<img loading=\"lazy\" decoding=\"async\" width=\"800\" height=\"450\" src=\"https:\/\/fbkoblenz.de\/wp-content\/uploads\/2025\/02\/Autoglas-Bendorf-final-1024x576.webp\" class=\"attachment-large size-large wp-image-291\" alt=\"Autoglas Bendorf final\" srcset=\"https:\/\/fbkoblenz.de\/wp-content\/uploads\/2025\/02\/Autoglas-Bendorf-final-1024x576.webp 1024w, https:\/\/fbkoblenz.de\/wp-content\/uploads\/2025\/02\/Autoglas-Bendorf-final-300x169.webp 300w, https:\/\/fbkoblenz.de\/wp-content\/uploads\/2025\/02\/Autoglas-Bendorf-final-768x432.webp 768w, https:\/\/fbkoblenz.de\/wp-content\/uploads\/2025\/02\/Autoglas-Bendorf-final.webp 1200w\" sizes=\"(max-width: 800px) 100vw, 800px\" \/>\t\t\t\t\t\t\t\t<\/a>\n\t\t\t\t\t\t\t\t\t\t\t\t\t\t\t<\/div>\n\t\t\t\t<\/div>\n\t\t\t\t<\/div>\n\t\t<div class=\"elementor-element elementor-element-1efaaa3 e-con-full e-flex e-con e-child\" data-id=\"1efaaa3\" data-element_type=\"container\" data-e-type=\"container\">\n\t\t\t\t<div class=\"elementor-element elementor-element-b671fed elementor-widget elementor-widget-image\" data-id=\"b671fed\" data-element_type=\"widget\" data-e-type=\"widget\" data-widget_type=\"image.default\">\n\t\t\t\t<div class=\"elementor-widget-container\">\n\t\t\t\t\t\t\t\t\t\t\t\t\t\t\t\t<a href=\"https:\/\/osman-atlen.de\/\" target=\"_blank\">\n\t\t\t\t\t\t\t<img loading=\"lazy\" decoding=\"async\" width=\"800\" height=\"450\" src=\"https:\/\/fbkoblenz.de\/wp-content\/uploads\/2025\/02\/Schlosserei-Atlen-final-1024x576.webp\" class=\"attachment-large size-large wp-image-286\" alt=\"Schlosserei Atlen final\" srcset=\"https:\/\/fbkoblenz.de\/wp-content\/uploads\/2025\/02\/Schlosserei-Atlen-final-1024x576.webp 1024w, https:\/\/fbkoblenz.de\/wp-content\/uploads\/2025\/02\/Schlosserei-Atlen-final-300x169.webp 300w, https:\/\/fbkoblenz.de\/wp-content\/uploads\/2025\/02\/Schlosserei-Atlen-final-768x432.webp 768w, https:\/\/fbkoblenz.de\/wp-content\/uploads\/2025\/02\/Schlosserei-Atlen-final.webp 1200w\" sizes=\"(max-width: 800px) 100vw, 800px\" \/>\t\t\t\t\t\t\t\t<\/a>\n\t\t\t\t\t\t\t\t\t\t\t\t\t\t\t<\/div>\n\t\t\t\t<\/div>\n\t\t\t\t<div class=\"elementor-element elementor-element-d319a70 elementor-widget elementor-widget-image\" data-id=\"d319a70\" data-element_type=\"widget\" data-e-type=\"widget\" data-widget_type=\"image.default\">\n\t\t\t\t<div class=\"elementor-widget-container\">\n\t\t\t\t\t\t\t\t\t\t\t\t\t\t\t\t<a href=\"https:\/\/www.instagram.com\/meinbackerbendorf\/?hl=de\" target=\"_blank\">\n\t\t\t\t\t\t\t<img loading=\"lazy\" decoding=\"async\" width=\"800\" height=\"450\" src=\"https:\/\/fbkoblenz.de\/wp-content\/uploads\/2025\/02\/Mein-Baecker-final-1024x576.webp\" class=\"attachment-large size-large wp-image-284\" alt=\"Mein B\u00e4cker final\" srcset=\"https:\/\/fbkoblenz.de\/wp-content\/uploads\/2025\/02\/Mein-Baecker-final-1024x576.webp 1024w, https:\/\/fbkoblenz.de\/wp-content\/uploads\/2025\/02\/Mein-Baecker-final-300x169.webp 300w, https:\/\/fbkoblenz.de\/wp-content\/uploads\/2025\/02\/Mein-Baecker-final-768x432.webp 768w, https:\/\/fbkoblenz.de\/wp-content\/uploads\/2025\/02\/Mein-Baecker-final.webp 1200w\" sizes=\"(max-width: 800px) 100vw, 800px\" \/>\t\t\t\t\t\t\t\t<\/a>\n\t\t\t\t\t\t\t\t\t\t\t\t\t\t\t<\/div>\n\t\t\t\t<\/div>\n\t\t\t\t<div class=\"elementor-element elementor-element-32b6437 elementor-widget elementor-widget-image\" data-id=\"32b6437\" data-element_type=\"widget\" data-e-type=\"widget\" data-widget_type=\"image.default\">\n\t\t\t\t<div class=\"elementor-widget-container\">\n\t\t\t\t\t\t\t\t\t\t\t\t\t\t\t\t<a href=\"https:\/\/keuschautomobile.de\/\" target=\"_blank\">\n\t\t\t\t\t\t\t<img loading=\"lazy\" decoding=\"async\" width=\"800\" height=\"450\" src=\"https:\/\/fbkoblenz.de\/wp-content\/uploads\/2025\/02\/Keusch-Arif-final-1024x576.webp\" class=\"attachment-large size-large wp-image-281\" alt=\"Keusch Arif final\" srcset=\"https:\/\/fbkoblenz.de\/wp-content\/uploads\/2025\/02\/Keusch-Arif-final-1024x576.webp 1024w, https:\/\/fbkoblenz.de\/wp-content\/uploads\/2025\/02\/Keusch-Arif-final-300x169.webp 300w, https:\/\/fbkoblenz.de\/wp-content\/uploads\/2025\/02\/Keusch-Arif-final-768x432.webp 768w, https:\/\/fbkoblenz.de\/wp-content\/uploads\/2025\/02\/Keusch-Arif-final.webp 1200w\" sizes=\"(max-width: 800px) 100vw, 800px\" \/>\t\t\t\t\t\t\t\t<\/a>\n\t\t\t\t\t\t\t\t\t\t\t\t\t\t\t<\/div>\n\t\t\t\t<\/div>\n\t\t\t\t<div class=\"elementor-element elementor-element-494b668 elementor-widget elementor-widget-image\" data-id=\"494b668\" data-element_type=\"widget\" data-e-type=\"widget\" data-widget_type=\"image.default\">\n\t\t\t\t<div class=\"elementor-widget-container\">\n\t\t\t\t\t\t\t\t\t\t\t\t\t\t\t\t<a href=\"https:\/\/fahrschuleerdem.de\/\" target=\"_blank\">\n\t\t\t\t\t\t\t<img loading=\"lazy\" decoding=\"async\" width=\"800\" height=\"450\" src=\"https:\/\/fbkoblenz.de\/wp-content\/uploads\/2025\/02\/Fahrschule-Erdem-final-1024x576.webp\" class=\"attachment-large size-large wp-image-278\" alt=\"Fahrschule Erdem final\" srcset=\"https:\/\/fbkoblenz.de\/wp-content\/uploads\/2025\/02\/Fahrschule-Erdem-final-1024x576.webp 1024w, https:\/\/fbkoblenz.de\/wp-content\/uploads\/2025\/02\/Fahrschule-Erdem-final-300x169.webp 300w, https:\/\/fbkoblenz.de\/wp-content\/uploads\/2025\/02\/Fahrschule-Erdem-final-768x432.webp 768w, https:\/\/fbkoblenz.de\/wp-content\/uploads\/2025\/02\/Fahrschule-Erdem-final.webp 1200w\" sizes=\"(max-width: 800px) 100vw, 800px\" \/>\t\t\t\t\t\t\t\t<\/a>\n\t\t\t\t\t\t\t\t\t\t\t\t\t\t\t<\/div>\n\t\t\t\t<\/div>\n\t\t\t\t<div class=\"elementor-element elementor-element-d6aec4e elementor-widget elementor-widget-image\" data-id=\"d6aec4e\" data-element_type=\"widget\" data-e-type=\"widget\" data-widget_type=\"image.default\">\n\t\t\t\t<div class=\"elementor-widget-container\">\n\t\t\t\t\t\t\t\t\t\t\t\t\t\t\t\t<a href=\"https:\/\/www.smz-kfztechnik.de\/\" target=\"_blank\">\n\t\t\t\t\t\t\t<img loading=\"lazy\" decoding=\"async\" width=\"800\" height=\"450\" src=\"https:\/\/fbkoblenz.de\/wp-content\/uploads\/2025\/02\/Autoglas-B9-final-1024x576.webp\" class=\"attachment-large size-large wp-image-290\" alt=\"Autoglas B9 final\" srcset=\"https:\/\/fbkoblenz.de\/wp-content\/uploads\/2025\/02\/Autoglas-B9-final-1024x576.webp 1024w, https:\/\/fbkoblenz.de\/wp-content\/uploads\/2025\/02\/Autoglas-B9-final-300x169.webp 300w, https:\/\/fbkoblenz.de\/wp-content\/uploads\/2025\/02\/Autoglas-B9-final-768x432.webp 768w, https:\/\/fbkoblenz.de\/wp-content\/uploads\/2025\/02\/Autoglas-B9-final.webp 1200w\" sizes=\"(max-width: 800px) 100vw, 800px\" \/>\t\t\t\t\t\t\t\t<\/a>\n\t\t\t\t\t\t\t\t\t\t\t\t\t\t\t<\/div>\n\t\t\t\t<\/div>\n\t\t\t\t<\/div>\n\t\t<div class=\"elementor-element elementor-element-e6a399c e-con-full e-flex e-con e-child\" data-id=\"e6a399c\" data-element_type=\"container\" data-e-type=\"container\">\n\t\t\t\t<div class=\"elementor-element elementor-element-c74ecb5 elementor-widget elementor-widget-image\" data-id=\"c74ecb5\" data-element_type=\"widget\" data-e-type=\"widget\" data-widget_type=\"image.default\">\n\t\t\t\t<div class=\"elementor-widget-container\">\n\t\t\t\t\t\t\t\t\t\t\t\t\t\t\t\t<a href=\"https:\/\/phonepoint-andernach.de\/\" target=\"_blank\">\n\t\t\t\t\t\t\t<img loading=\"lazy\" decoding=\"async\" width=\"800\" height=\"450\" src=\"https:\/\/fbkoblenz.de\/wp-content\/uploads\/2025\/02\/phonepoint-final-1024x576.webp\" class=\"attachment-large size-large wp-image-285\" alt=\"phonepoint final\" srcset=\"https:\/\/fbkoblenz.de\/wp-content\/uploads\/2025\/02\/phonepoint-final-1024x576.webp 1024w, https:\/\/fbkoblenz.de\/wp-content\/uploads\/2025\/02\/phonepoint-final-300x169.webp 300w, https:\/\/fbkoblenz.de\/wp-content\/uploads\/2025\/02\/phonepoint-final-768x432.webp 768w, https:\/\/fbkoblenz.de\/wp-content\/uploads\/2025\/02\/phonepoint-final.webp 1200w\" sizes=\"(max-width: 800px) 100vw, 800px\" \/>\t\t\t\t\t\t\t\t<\/a>\n\t\t\t\t\t\t\t\t\t\t\t\t\t\t\t<\/div>\n\t\t\t\t<\/div>\n\t\t\t\t<div class=\"elementor-element elementor-element-0d92951 elementor-widget elementor-widget-image\" data-id=\"0d92951\" data-element_type=\"widget\" data-e-type=\"widget\" data-widget_type=\"image.default\">\n\t\t\t\t<div class=\"elementor-widget-container\">\n\t\t\t\t\t\t\t\t\t\t\t\t\t\t\t\t<a href=\"http:\/\/www.koblenzer-flughafentransfer.com\/\" target=\"_blank\">\n\t\t\t\t\t\t\t<img loading=\"lazy\" decoding=\"async\" width=\"800\" height=\"450\" src=\"https:\/\/fbkoblenz.de\/wp-content\/uploads\/2025\/02\/Koblenzer-Flughafentranfer-final-1024x576.webp\" class=\"attachment-large size-large wp-image-283\" alt=\"Koblenzer Flughafentransfer final\" srcset=\"https:\/\/fbkoblenz.de\/wp-content\/uploads\/2025\/02\/Koblenzer-Flughafentranfer-final-1024x576.webp 1024w, https:\/\/fbkoblenz.de\/wp-content\/uploads\/2025\/02\/Koblenzer-Flughafentranfer-final-300x169.webp 300w, https:\/\/fbkoblenz.de\/wp-content\/uploads\/2025\/02\/Koblenzer-Flughafentranfer-final-768x432.webp 768w, https:\/\/fbkoblenz.de\/wp-content\/uploads\/2025\/02\/Koblenzer-Flughafentranfer-final.webp 1200w\" sizes=\"(max-width: 800px) 100vw, 800px\" \/>\t\t\t\t\t\t\t\t<\/a>\n\t\t\t\t\t\t\t\t\t\t\t\t\t\t\t<\/div>\n\t\t\t\t<\/div>\n\t\t\t\t<div class=\"elementor-element elementor-element-8d58811 elementor-widget elementor-widget-image\" data-id=\"8d58811\" data-element_type=\"widget\" data-e-type=\"widget\" data-widget_type=\"image.default\">\n\t\t\t\t<div class=\"elementor-widget-container\">\n\t\t\t\t\t\t\t\t\t\t\t\t\t\t\t\t<a href=\"https:\/\/www.facebook.com\/VingTsunYilmaz\/\" target=\"_blank\">\n\t\t\t\t\t\t\t<img loading=\"lazy\" decoding=\"async\" width=\"800\" height=\"450\" src=\"https:\/\/fbkoblenz.de\/wp-content\/uploads\/2025\/02\/Kampfsport-Yilmaz-final-1024x576.webp\" class=\"attachment-large size-large wp-image-280\" alt=\"Kampfsport Yilmaz final\" srcset=\"https:\/\/fbkoblenz.de\/wp-content\/uploads\/2025\/02\/Kampfsport-Yilmaz-final-1024x576.webp 1024w, https:\/\/fbkoblenz.de\/wp-content\/uploads\/2025\/02\/Kampfsport-Yilmaz-final-300x169.webp 300w, https:\/\/fbkoblenz.de\/wp-content\/uploads\/2025\/02\/Kampfsport-Yilmaz-final-768x432.webp 768w, https:\/\/fbkoblenz.de\/wp-content\/uploads\/2025\/02\/Kampfsport-Yilmaz-final.webp 1200w\" sizes=\"(max-width: 800px) 100vw, 800px\" \/>\t\t\t\t\t\t\t\t<\/a>\n\t\t\t\t\t\t\t\t\t\t\t\t\t\t\t<\/div>\n\t\t\t\t<\/div>\n\t\t\t\t<div class=\"elementor-element elementor-element-5092a48 elementor-widget elementor-widget-image\" data-id=\"5092a48\" data-element_type=\"widget\" data-e-type=\"widget\" data-widget_type=\"image.default\">\n\t\t\t\t<div class=\"elementor-widget-container\">\n\t\t\t\t\t\t\t\t\t\t\t\t\t\t\t<img loading=\"lazy\" decoding=\"async\" width=\"800\" height=\"450\" src=\"https:\/\/fbkoblenz.de\/wp-content\/uploads\/2025\/02\/DEMA-Bedachung-final-1024x576.webp\" class=\"attachment-large size-large wp-image-292\" alt=\"DEMA Bedachung final\" srcset=\"https:\/\/fbkoblenz.de\/wp-content\/uploads\/2025\/02\/DEMA-Bedachung-final-1024x576.webp 1024w, https:\/\/fbkoblenz.de\/wp-content\/uploads\/2025\/02\/DEMA-Bedachung-final-300x169.webp 300w, https:\/\/fbkoblenz.de\/wp-content\/uploads\/2025\/02\/DEMA-Bedachung-final-768x432.webp 768w, https:\/\/fbkoblenz.de\/wp-content\/uploads\/2025\/02\/DEMA-Bedachung-final.webp 1200w\" sizes=\"(max-width: 800px) 100vw, 800px\" \/>\t\t\t\t\t\t\t\t\t\t\t\t\t\t\t<\/div>\n\t\t\t\t<\/div>\n\t\t\t\t<div class=\"elementor-element elementor-element-0970698 elementor-widget elementor-widget-image\" data-id=\"0970698\" data-element_type=\"widget\" data-e-type=\"widget\" data-widget_type=\"image.default\">\n\t\t\t\t<div class=\"elementor-widget-container\">\n\t\t\t\t\t\t\t\t\t\t\t\t\t\t\t\t<a href=\"https:\/\/shl-yetim.de\/\" target=\"_blank\">\n\t\t\t\t\t\t\t<img loading=\"lazy\" decoding=\"async\" width=\"800\" height=\"450\" src=\"https:\/\/fbkoblenz.de\/wp-content\/uploads\/2025\/02\/Yetim-Sanitaer-final-1024x576.webp\" class=\"attachment-large size-large wp-image-288\" alt=\"Yetim Sanit\u00e4r final\" srcset=\"https:\/\/fbkoblenz.de\/wp-content\/uploads\/2025\/02\/Yetim-Sanitaer-final-1024x576.webp 1024w, https:\/\/fbkoblenz.de\/wp-content\/uploads\/2025\/02\/Yetim-Sanitaer-final-300x169.webp 300w, https:\/\/fbkoblenz.de\/wp-content\/uploads\/2025\/02\/Yetim-Sanitaer-final-768x432.webp 768w, https:\/\/fbkoblenz.de\/wp-content\/uploads\/2025\/02\/Yetim-Sanitaer-final.webp 1200w\" sizes=\"(max-width: 800px) 100vw, 800px\" \/>\t\t\t\t\t\t\t\t<\/a>\n\t\t\t\t\t\t\t\t\t\t\t\t\t\t\t<\/div>\n\t\t\t\t<\/div>\n\t\t\t\t<\/div>\n\t\t\t\t<\/div>\n\t\t<div class=\"elementor-element elementor-element-3574154 e-flex e-con-boxed e-con e-parent\" data-id=\"3574154\" data-element_type=\"container\" data-e-type=\"container\">\n\t\t\t\t\t<div class=\"e-con-inner\">\n\t\t\t\t<div class=\"elementor-element elementor-element-dc0d2ed elementor-widget elementor-widget-spacer\" data-id=\"dc0d2ed\" data-element_type=\"widget\" data-e-type=\"widget\" data-widget_type=\"spacer.default\">\n\t\t\t\t<div class=\"elementor-widget-container\">\n\t\t\t\t\t\t\t<div class=\"elementor-spacer\">\n\t\t\t<div class=\"elementor-spacer-inner\"><\/div>\n\t\t<\/div>\n\t\t\t\t\t\t<\/div>\n\t\t\t\t<\/div>\n\t\t\t\t\t<\/div>\n\t\t\t\t<\/div>\n\t\t\t\t<\/div>","protected":false},"excerpt":{"rendered":"<p>Sponsoren M\u00f6chten Sie unser Sponsor werden? 0151-52001907 koblenz.fenerbahce@web.de Wir danken unseren Sponsoren f\u00fcr ihre Unterst\u00fctzung! Hier sind unsere aktuellen Sponsoren:<\/p>","protected":false},"author":1,"featured_media":0,"parent":0,"menu_order":0,"comment_status":"closed","ping_status":"closed","template":"","meta":{"footnotes":""},"class_list":["post-98","page","type-page","status-publish","hentry"],"yoast_head":"<!-- This site is optimized with the Yoast SEO plugin v27.2 - https:\/\/yoast.com\/product\/yoast-seo-wordpress\/ -->\n<title>Sponsoren - Fenerbah\u00e7e Koblenz<\/title>\n<meta name=\"robots\" content=\"index, follow, max-snippet:-1, max-image-preview:large, max-video-preview:-1\" \/>\n<link rel=\"canonical\" href=\"https:\/\/fbkoblenz.de\/tr\/sponsoren\/\" \/>\n<meta property=\"og:locale\" content=\"tr_TR\" \/>\n<meta property=\"og:type\" content=\"article\" \/>\n<meta property=\"og:title\" content=\"Sponsoren - Fenerbah\u00e7e Koblenz\" \/>\n<meta property=\"og:description\" content=\"Sponsoren M\u00f6chten Sie unser Sponsor werden? 0151-52001907 koblenz.fenerbahce@web.de Wir danken unseren Sponsoren f\u00fcr ihre Unterst\u00fctzung! Hier sind unsere aktuellen Sponsoren:\" \/>\n<meta property=\"og:url\" content=\"https:\/\/fbkoblenz.de\/tr\/sponsoren\/\" \/>\n<meta property=\"og:site_name\" content=\"Fenerbah\u00e7e Koblenz\" \/>\n<meta property=\"article:modified_time\" content=\"2025-03-28T11:31:26+00:00\" \/>\n<meta property=\"og:image\" content=\"https:\/\/fbkoblenz.de\/wp-content\/uploads\/2024\/03\/Favicon-webp.webp\" \/>\n\t<meta property=\"og:image:width\" content=\"499\" \/>\n\t<meta property=\"og:image:height\" content=\"500\" \/>\n\t<meta property=\"og:image:type\" content=\"image\/webp\" \/>\n<meta name=\"twitter:card\" content=\"summary_large_image\" \/>\n<meta name=\"twitter:label1\" content=\"Tahmini okuma s\u00fcresi\" \/>\n\t<meta name=\"twitter:data1\" content=\"4 dakika\" \/>\n<script type=\"application\/ld+json\" class=\"yoast-schema-graph\">{\"@context\":\"https:\/\/schema.org\",\"@graph\":[{\"@type\":\"WebPage\",\"@id\":\"https:\/\/fbkoblenz.de\/sponsoren\/\",\"url\":\"https:\/\/fbkoblenz.de\/sponsoren\/\",\"name\":\"Sponsoren - Fenerbah\u00e7e Koblenz\",\"isPartOf\":{\"@id\":\"https:\/\/fbkoblenz.de\/#website\"},\"primaryImageOfPage\":{\"@id\":\"https:\/\/fbkoblenz.de\/sponsoren\/#primaryimage\"},\"image\":{\"@id\":\"https:\/\/fbkoblenz.de\/sponsoren\/#primaryimage\"},\"thumbnailUrl\":\"https:\/\/fbkoblenz.de\/wp-content\/uploads\/2024\/03\/Favicon-webp.webp\",\"datePublished\":\"2024-04-30T06:53:37+00:00\",\"dateModified\":\"2025-03-28T11:31:26+00:00\",\"breadcrumb\":{\"@id\":\"https:\/\/fbkoblenz.de\/sponsoren\/#breadcrumb\"},\"inLanguage\":\"tr\",\"potentialAction\":[{\"@type\":\"ReadAction\",\"target\":[\"https:\/\/fbkoblenz.de\/sponsoren\/\"]}]},{\"@type\":\"ImageObject\",\"inLanguage\":\"tr\",\"@id\":\"https:\/\/fbkoblenz.de\/sponsoren\/#primaryimage\",\"url\":\"https:\/\/fbkoblenz.de\/wp-content\/uploads\/2024\/03\/Favicon-webp.webp\",\"contentUrl\":\"https:\/\/fbkoblenz.de\/wp-content\/uploads\/2024\/03\/Favicon-webp.webp\"},{\"@type\":\"BreadcrumbList\",\"@id\":\"https:\/\/fbkoblenz.de\/sponsoren\/#breadcrumb\",\"itemListElement\":[{\"@type\":\"ListItem\",\"position\":1,\"name\":\"Startseite\",\"item\":\"https:\/\/fbkoblenz.de\/\"},{\"@type\":\"ListItem\",\"position\":2,\"name\":\"Sponsoren\"}]},{\"@type\":\"WebSite\",\"@id\":\"https:\/\/fbkoblenz.de\/#website\",\"url\":\"https:\/\/fbkoblenz.de\/\",\"name\":\"Fenerbah\u00e7e Koblenz\",\"description\":\"\",\"publisher\":{\"@id\":\"https:\/\/fbkoblenz.de\/#organization\"},\"potentialAction\":[{\"@type\":\"SearchAction\",\"target\":{\"@type\":\"EntryPoint\",\"urlTemplate\":\"https:\/\/fbkoblenz.de\/?s={search_term_string}\"},\"query-input\":{\"@type\":\"PropertyValueSpecification\",\"valueRequired\":true,\"valueName\":\"search_term_string\"}}],\"inLanguage\":\"tr\"},{\"@type\":\"Organization\",\"@id\":\"https:\/\/fbkoblenz.de\/#organization\",\"name\":\"Fenerbah\u00e7e Koblenz\",\"url\":\"https:\/\/fbkoblenz.de\/\",\"logo\":{\"@type\":\"ImageObject\",\"inLanguage\":\"tr\",\"@id\":\"https:\/\/fbkoblenz.de\/#\/schema\/logo\/image\/\",\"url\":\"https:\/\/fbkoblenz.de\/wp-content\/uploads\/2024\/03\/Logo-webp.webp\",\"contentUrl\":\"https:\/\/fbkoblenz.de\/wp-content\/uploads\/2024\/03\/Logo-webp.webp\",\"width\":1837,\"height\":1842,\"caption\":\"Fenerbah\u00e7e Koblenz\"},\"image\":{\"@id\":\"https:\/\/fbkoblenz.de\/#\/schema\/logo\/image\/\"}}]}<\/script>\n<!-- \/ Yoast SEO plugin. -->","yoast_head_json":{"title":"Sponsoren - Fenerbah\u00e7e Koblenz","robots":{"index":"index","follow":"follow","max-snippet":"max-snippet:-1","max-image-preview":"max-image-preview:large","max-video-preview":"max-video-preview:-1"},"canonical":"https:\/\/fbkoblenz.de\/tr\/sponsoren\/","og_locale":"tr_TR","og_type":"article","og_title":"Sponsoren - Fenerbah\u00e7e Koblenz","og_description":"Sponsoren M\u00f6chten Sie unser Sponsor werden? 0151-52001907 koblenz.fenerbahce@web.de Wir danken unseren Sponsoren f\u00fcr ihre Unterst\u00fctzung! Hier sind unsere aktuellen Sponsoren:","og_url":"https:\/\/fbkoblenz.de\/tr\/sponsoren\/","og_site_name":"Fenerbah\u00e7e Koblenz","article_modified_time":"2025-03-28T11:31:26+00:00","og_image":[{"width":499,"height":500,"url":"https:\/\/fbkoblenz.de\/wp-content\/uploads\/2024\/03\/Favicon-webp.webp","type":"image\/webp"}],"twitter_card":"summary_large_image","twitter_misc":{"Tahmini okuma s\u00fcresi":"4 dakika"},"schema":{"@context":"https:\/\/schema.org","@graph":[{"@type":"WebPage","@id":"https:\/\/fbkoblenz.de\/sponsoren\/","url":"https:\/\/fbkoblenz.de\/sponsoren\/","name":"Sponsoren - Fenerbah\u00e7e Koblenz","isPartOf":{"@id":"https:\/\/fbkoblenz.de\/#website"},"primaryImageOfPage":{"@id":"https:\/\/fbkoblenz.de\/sponsoren\/#primaryimage"},"image":{"@id":"https:\/\/fbkoblenz.de\/sponsoren\/#primaryimage"},"thumbnailUrl":"https:\/\/fbkoblenz.de\/wp-content\/uploads\/2024\/03\/Favicon-webp.webp","datePublished":"2024-04-30T06:53:37+00:00","dateModified":"2025-03-28T11:31:26+00:00","breadcrumb":{"@id":"https:\/\/fbkoblenz.de\/sponsoren\/#breadcrumb"},"inLanguage":"tr","potentialAction":[{"@type":"ReadAction","target":["https:\/\/fbkoblenz.de\/sponsoren\/"]}]},{"@type":"ImageObject","inLanguage":"tr","@id":"https:\/\/fbkoblenz.de\/sponsoren\/#primaryimage","url":"https:\/\/fbkoblenz.de\/wp-content\/uploads\/2024\/03\/Favicon-webp.webp","contentUrl":"https:\/\/fbkoblenz.de\/wp-content\/uploads\/2024\/03\/Favicon-webp.webp"},{"@type":"BreadcrumbList","@id":"https:\/\/fbkoblenz.de\/sponsoren\/#breadcrumb","itemListElement":[{"@type":"ListItem","position":1,"name":"Startseite","item":"https:\/\/fbkoblenz.de\/"},{"@type":"ListItem","position":2,"name":"Sponsoren"}]},{"@type":"WebSite","@id":"https:\/\/fbkoblenz.de\/#website","url":"https:\/\/fbkoblenz.de\/","name":"Fenerbah\u00e7e Koblenz","description":"","publisher":{"@id":"https:\/\/fbkoblenz.de\/#organization"},"potentialAction":[{"@type":"SearchAction","target":{"@type":"EntryPoint","urlTemplate":"https:\/\/fbkoblenz.de\/?s={search_term_string}"},"query-input":{"@type":"PropertyValueSpecification","valueRequired":true,"valueName":"search_term_string"}}],"inLanguage":"tr"},{"@type":"Organization","@id":"https:\/\/fbkoblenz.de\/#organization","name":"Fenerbah\u00e7e Koblenz","url":"https:\/\/fbkoblenz.de\/","logo":{"@type":"ImageObject","inLanguage":"tr","@id":"https:\/\/fbkoblenz.de\/#\/schema\/logo\/image\/","url":"https:\/\/fbkoblenz.de\/wp-content\/uploads\/2024\/03\/Logo-webp.webp","contentUrl":"https:\/\/fbkoblenz.de\/wp-content\/uploads\/2024\/03\/Logo-webp.webp","width":1837,"height":1842,"caption":"Fenerbah\u00e7e Koblenz"},"image":{"@id":"https:\/\/fbkoblenz.de\/#\/schema\/logo\/image\/"}}]}},"_links":{"self":[{"href":"https:\/\/fbkoblenz.de\/tr\/wp-json\/wp\/v2\/pages\/98","targetHints":{"allow":["GET"]}}],"collection":[{"href":"https:\/\/fbkoblenz.de\/tr\/wp-json\/wp\/v2\/pages"}],"about":[{"href":"https:\/\/fbkoblenz.de\/tr\/wp-json\/wp\/v2\/types\/page"}],"author":[{"embeddable":true,"href":"https:\/\/fbkoblenz.de\/tr\/wp-json\/wp\/v2\/users\/1"}],"replies":[{"embeddable":true,"href":"https:\/\/fbkoblenz.de\/tr\/wp-json\/wp\/v2\/comments?post=98"}],"version-history":[{"count":10,"href":"https:\/\/fbkoblenz.de\/tr\/wp-json\/wp\/v2\/pages\/98\/revisions"}],"predecessor-version":[{"id":347,"href":"https:\/\/fbkoblenz.de\/tr\/wp-json\/wp\/v2\/pages\/98\/revisions\/347"}],"wp:attachment":[{"href":"https:\/\/fbkoblenz.de\/tr\/wp-json\/wp\/v2\/media?parent=98"}],"curies":[{"name":"wp","href":"https:\/\/api.w.org\/{rel}","templated":true}]}}